{"id":7622,"date":"2016-02-03T07:48:23","date_gmt":"2016-02-03T07:48:23","guid":{"rendered":"https:\/\/www.yepafrica.org\/our-team\/"},"modified":"2022-11-15T16:35:25","modified_gmt":"2022-11-15T16:35:25","slug":"our-team","status":"publish","type":"page","link":"https:\/\/www.yepafrica.org\/fr\/our-team\/","title":{"rendered":"Notr\u00e9 \u00e9quipe"},"content":{"rendered":"<div id=\"pl-7622\"  class=\"panel-layout\" ><div id=\"pg-7622-0\"  class=\"panel-grid panel-no-style\" ><div id=\"pgc-7622-0-0\"  class=\"panel-grid-cell\" ><div id=\"panel-7622-0-0-0\" class=\"so-panel widget widget_heading panel-first-child\" data-index=\"0\" ><div class=\"thim-widget-heading template-heading\"><div class=\"thim-heading text-center \"><div class=\"sc-heading article_heading \" style=\";\"><h3 class=\"heading__primary wrapper-line-heading\"><span><\/span><span>Pr\u00e9sentation de notre \u00e9quipe<\/span><span><\/span><\/h3><p class=\"heading__secondary\"   >Apprenez-en plus sur les personnes qui font Yepafrica<\/p><span class=\"line-heading\" ><\/span><\/div><\/div><\/div><\/div><div id=\"panel-7622-0-0-1\" class=\"so-panel widget widget_heading\" data-index=\"1\" ><div class=\"thim-widget-heading template-heading\"><div class=\"thim-heading text-center \"><div class=\"sc-heading article_heading \" style=\";\"><h4 class=\"heading__primary wrapper-line-heading\"><span><\/span><span>Pays-Bas<\/span><span><\/span><\/h4><span class=\"line-heading\" ><\/span><\/div><\/div><\/div><\/div><div id=\"panel-7622-0-0-2\" class=\"so-panel widget widget_team\" data-index=\"2\" ><div class=\"panel-widget-style panel-widget-style-for-7622-0-0-2\" ><div class=\"thim-widget-team template-team\">\n\t<div class=\"thim-our-team\">\n\t\t<div class=\"row members\">\n\t\t\t<div class=\"member col-xs-6 col-md-2.4\">\t<div class=\"inner\"><div class=\"avatar-wrapper\">\t<div class=\"avatar-inner\"><img loading=\"lazy\" decoding=\"async\" width=\"1836\" height=\"1843\" src=\"https:\/\/www.yepafrica.org\/wp-content\/uploads\/2016\/02\/P1010350.jpg\" class=\"attachment-full size-full wp-post-image\" alt=\"\" srcset=\"https:\/\/www.yepafrica.org\/wp-content\/uploads\/2016\/02\/P1010350.jpg 1836w, https:\/\/www.yepafrica.org\/wp-content\/uploads\/2016\/02\/P1010350-150x150.jpg 150w, https:\/\/www.yepafrica.org\/wp-content\/uploads\/2016\/02\/P1010350-300x300.jpg 300w, https:\/\/www.yepafrica.org\/wp-content\/uploads\/2016\/02\/P1010350-768x771.jpg 768w, https:\/\/www.yepafrica.org\/wp-content\/uploads\/2016\/02\/P1010350-1020x1024.jpg 1020w, https:\/\/www.yepafrica.org\/wp-content\/uploads\/2016\/02\/P1010350-600x602.jpg 600w, https:\/\/www.yepafrica.org\/wp-content\/uploads\/2016\/02\/P1010350-100x100.jpg 100w\" sizes=\"auto, (max-width: 1836px) 100vw, 1836px\" \/>\t<\/div><div class=\"social\"><ul><li><a href=\"https:\/\/www.yepafrica.org\/fr\/our_team\/paul-engelsman\/\"><i class=\"fa fa-link\"><\/i><\/a><\/li><\/ul><\/div><\/div> \t\t<div class=\"info\">\t\t\t<div class=\"name\"><a href=\"https:\/\/www.yepafrica.org\/fr\/our_team\/paul-engelsman\/\"> Paul Engelsman <\/a><\/div><div class=\"regency\">Fondateur & Pr\u00e9sident<\/div>\t\t<\/div>\t<\/div><\/div><div class=\"member col-xs-6 col-md-2.4\">\t<div class=\"inner\"><div class=\"avatar-wrapper\">\t<div class=\"avatar-inner\"><img loading=\"lazy\" decoding=\"async\" width=\"1920\" height=\"2560\" src=\"https:\/\/www.yepafrica.org\/wp-content\/uploads\/2021\/01\/georgy-scaled.jpg\" class=\"attachment-full size-full wp-post-image\" alt=\"Membre du conseil d&#039;administration Yep Foundation Pays-Bas\" srcset=\"https:\/\/www.yepafrica.org\/wp-content\/uploads\/2021\/01\/georgy-scaled.jpg 1920w, https:\/\/www.yepafrica.org\/wp-content\/uploads\/2021\/01\/georgy-scaled-225x300.jpg 225w, https:\/\/www.yepafrica.org\/wp-content\/uploads\/2021\/01\/georgy-768x1024.jpg 768w, https:\/\/www.yepafrica.org\/wp-content\/uploads\/2021\/01\/georgy-1152x1536.jpg 1152w, https:\/\/www.yepafrica.org\/wp-content\/uploads\/2021\/01\/georgy-1536x2048.jpg 1536w, https:\/\/www.yepafrica.org\/wp-content\/uploads\/2021\/01\/georgy-scaled-600x800.jpg 600w\" sizes=\"auto, (max-width: 1920px) 100vw, 1920px\" \/>\t<\/div><div class=\"social\"><ul><li><a href=\"https:\/\/www.yepafrica.org\/fr\/our_team\/georgy-evers\/\"><i class=\"fa fa-link\"><\/i><\/a><\/li><\/ul><\/div><\/div> \t\t<div class=\"info\">\t\t\t<div class=\"name\"><a href=\"https:\/\/www.yepafrica.org\/fr\/our_team\/georgy-evers\/\"> Georgy Evers <\/a><\/div><div class=\"regency\">Membre du conseil d'administration de Yep Foundation Pays-Bas<\/div>\t\t<\/div>\t<\/div><\/div><div class=\"member col-xs-6 col-md-2.4\">\t<div class=\"inner\"><div class=\"avatar-wrapper\">\t<div class=\"avatar-inner\"><img loading=\"lazy\" decoding=\"async\" width=\"1104\" height=\"1472\" src=\"https:\/\/www.yepafrica.org\/wp-content\/uploads\/2022\/08\/Eugenie-Hofwijks.jpeg\" class=\"attachment-full size-full wp-post-image\" alt=\"\" srcset=\"https:\/\/www.yepafrica.org\/wp-content\/uploads\/2022\/08\/Eugenie-Hofwijks.jpeg 1104w, https:\/\/www.yepafrica.org\/wp-content\/uploads\/2022\/08\/Eugenie-Hofwijks-225x300.jpeg 225w, https:\/\/www.yepafrica.org\/wp-content\/uploads\/2022\/08\/Eugenie-Hofwijks-768x1024.jpeg 768w, https:\/\/www.yepafrica.org\/wp-content\/uploads\/2022\/08\/Eugenie-Hofwijks-320x427.jpeg 320w, https:\/\/www.yepafrica.org\/wp-content\/uploads\/2022\/08\/Eugenie-Hofwijks-480x640.jpeg 480w, https:\/\/www.yepafrica.org\/wp-content\/uploads\/2022\/08\/Eugenie-Hofwijks-800x1067.jpeg 800w, https:\/\/www.yepafrica.org\/wp-content\/uploads\/2022\/08\/Eugenie-Hofwijks-600x800.jpeg 600w\" sizes=\"auto, (max-width: 1104px) 100vw, 1104px\" \/>\t<\/div><div class=\"social\"><ul><li><a href=\"https:\/\/www.yepafrica.org\/fr\/our_team\/eugenie-hofwijks\/\"><i class=\"fa fa-link\"><\/i><\/a><\/li><\/ul><\/div><\/div> \t\t<div class=\"info\">\t\t\t<div class=\"name\"><a href=\"https:\/\/www.yepafrica.org\/fr\/our_team\/eugenie-hofwijks\/\"> Eugenie Hofwijks <\/a><\/div><div class=\"regency\">Secretary of the Board<\/div>\t\t<\/div>\t<\/div><\/div><div class=\"member col-xs-6 col-md-2.4\">\t<div class=\"inner\"><div class=\"avatar-wrapper\">\t<div class=\"avatar-inner\"><img loading=\"lazy\" decoding=\"async\" width=\"1080\" height=\"1439\" src=\"https:\/\/www.yepafrica.org\/wp-content\/uploads\/2023\/05\/MLC-foto.jpg\" class=\"attachment-full size-full wp-post-image\" alt=\"\" srcset=\"https:\/\/www.yepafrica.org\/wp-content\/uploads\/2023\/05\/MLC-foto.jpg 1080w, https:\/\/www.yepafrica.org\/wp-content\/uploads\/2023\/05\/MLC-foto-225x300.jpg 225w, https:\/\/www.yepafrica.org\/wp-content\/uploads\/2023\/05\/MLC-foto-769x1024.jpg 769w, https:\/\/www.yepafrica.org\/wp-content\/uploads\/2023\/05\/MLC-foto-768x1023.jpg 768w, https:\/\/www.yepafrica.org\/wp-content\/uploads\/2023\/05\/MLC-foto-600x799.jpg 600w\" sizes=\"auto, (max-width: 1080px) 100vw, 1080px\" \/>\t<\/div><div class=\"social\"><ul><li><a href=\"https:\/\/www.yepafrica.org\/fr\/our_team\/martin-la-croix\/\"><i class=\"fa fa-link\"><\/i><\/a><\/li><\/ul><\/div><\/div> \t\t<div class=\"info\">\t\t\t<div class=\"name\"><a href=\"https:\/\/www.yepafrica.org\/fr\/our_team\/martin-la-croix\/\"> Martin La Croix <\/a><\/div><div class=\"regency\">Board Member & Treasurer<\/div>\t\t<\/div>\t<\/div><\/div><div class=\"member col-xs-6 col-md-2.4\">\t<div class=\"inner\"><div class=\"avatar-wrapper\">\t<div class=\"avatar-inner\"><img loading=\"lazy\" decoding=\"async\" width=\"1707\" height=\"2560\" src=\"https:\/\/www.yepafrica.org\/wp-content\/uploads\/2023\/05\/Sabine-Kokee-September-2019-ByIlse-scaled.jpg\" class=\"attachment-full size-full wp-post-image\" alt=\"\" srcset=\"https:\/\/www.yepafrica.org\/wp-content\/uploads\/2023\/05\/Sabine-Kokee-September-2019-ByIlse-scaled.jpg 1707w, https:\/\/www.yepafrica.org\/wp-content\/uploads\/2023\/05\/Sabine-Kokee-September-2019-ByIlse-200x300.jpg 200w, https:\/\/www.yepafrica.org\/wp-content\/uploads\/2023\/05\/Sabine-Kokee-September-2019-ByIlse-683x1024.jpg 683w, https:\/\/www.yepafrica.org\/wp-content\/uploads\/2023\/05\/Sabine-Kokee-September-2019-ByIlse-768x1152.jpg 768w, https:\/\/www.yepafrica.org\/wp-content\/uploads\/2023\/05\/Sabine-Kokee-September-2019-ByIlse-1024x1536.jpg 1024w, https:\/\/www.yepafrica.org\/wp-content\/uploads\/2023\/05\/Sabine-Kokee-September-2019-ByIlse-1365x2048.jpg 1365w, https:\/\/www.yepafrica.org\/wp-content\/uploads\/2023\/05\/Sabine-Kokee-September-2019-ByIlse-scaled-600x900.jpg 600w\" sizes=\"auto, (max-width: 1707px) 100vw, 1707px\" \/>\t<\/div><div class=\"social\"><ul><li><a href=\"https:\/\/www.yepafrica.org\/fr\/our_team\/sabine-kokee\/\"><i class=\"fa fa-link\"><\/i><\/a><\/li><\/ul><\/div><\/div> \t\t<div class=\"info\">\t\t\t<div class=\"name\"><a href=\"https:\/\/www.yepafrica.org\/fr\/our_team\/sabine-kokee\/\"> Sabine Kokee <\/a><\/div><div class=\"regency\">Bestuurslid & Landenco\u00f6rdinator Gambia<\/div>\t\t<\/div>\t<\/div><\/div><div class=\"member col-xs-6 col-md-2.4\">\t<div class=\"inner\"><div class=\"avatar-wrapper\">\t<div class=\"avatar-inner\"><img loading=\"lazy\" decoding=\"async\" width=\"484\" height=\"493\" src=\"https:\/\/www.yepafrica.org\/wp-content\/uploads\/2024\/12\/Foto-Malika.jpg\" class=\"attachment-full size-full wp-post-image\" alt=\"\" srcset=\"https:\/\/www.yepafrica.org\/wp-content\/uploads\/2024\/12\/Foto-Malika.jpg 484w, https:\/\/www.yepafrica.org\/wp-content\/uploads\/2024\/12\/Foto-Malika-295x300.jpg 295w\" sizes=\"auto, (max-width: 484px) 100vw, 484px\" \/>\t<\/div><div class=\"social\"><ul><li><a href=\"https:\/\/www.yepafrica.org\/fr\/our_team\/malika-ouacha\/\"><i class=\"fa fa-link\"><\/i><\/a><\/li><\/ul><\/div><\/div> \t\t<div class=\"info\">\t\t\t<div class=\"name\"><a href=\"https:\/\/www.yepafrica.org\/fr\/our_team\/malika-ouacha\/\"> Malika Ouacha <\/a><\/div><div class=\"regency\">Ambassador<\/div>\t\t<\/div>\t<\/div><\/div>\t\t<\/div>\n\t<\/div>\n<\/div><\/div><\/div><div id=\"panel-7622-0-0-3\" class=\"so-panel widget widget_heading\" data-index=\"3\" ><div class=\"thim-widget-heading template-heading\"><div class=\"thim-heading text-center \"><div class=\"sc-heading article_heading \" style=\";\"><h4 class=\"heading__primary wrapper-line-heading\"><span><\/span><span>Gambie<\/span><span><\/span><\/h4><span class=\"line-heading\" ><\/span><\/div><\/div><\/div><\/div><div id=\"panel-7622-0-0-4\" class=\"so-panel widget widget_team\" data-index=\"4\" ><div class=\"panel-widget-style panel-widget-style-for-7622-0-0-4\" ><div class=\"thim-widget-team template-team\">\n\t<div class=\"thim-our-team\">\n\t\t<div class=\"row members\">\n\t\t\t<div class=\"member col-xs-6 col-md-2.4\">\t<div class=\"inner\"><div class=\"avatar-wrapper\">\t<div class=\"avatar-inner\"><img loading=\"lazy\" decoding=\"async\" width=\"1200\" height=\"1600\" src=\"https:\/\/www.yepafrica.org\/wp-content\/uploads\/2016\/02\/e3099003-2680-41d3-b97b-edc66682e888.jpg\" class=\"attachment-full size-full wp-post-image\" alt=\"\" srcset=\"https:\/\/www.yepafrica.org\/wp-content\/uploads\/2016\/02\/e3099003-2680-41d3-b97b-edc66682e888.jpg 1200w, https:\/\/www.yepafrica.org\/wp-content\/uploads\/2016\/02\/e3099003-2680-41d3-b97b-edc66682e888-225x300.jpg 225w, https:\/\/www.yepafrica.org\/wp-content\/uploads\/2016\/02\/e3099003-2680-41d3-b97b-edc66682e888-768x1024.jpg 768w, https:\/\/www.yepafrica.org\/wp-content\/uploads\/2016\/02\/e3099003-2680-41d3-b97b-edc66682e888-600x800.jpg 600w\" sizes=\"auto, (max-width: 1200px) 100vw, 1200px\" \/>\t<\/div><div class=\"social\"><ul><li><a href=\"https:\/\/www.yepafrica.org\/fr\/our_team\/serreh-darboe\/\"><i class=\"fa fa-link\"><\/i><\/a><\/li><\/ul><\/div><\/div> \t\t<div class=\"info\">\t\t\t<div class=\"name\"><a href=\"https:\/\/www.yepafrica.org\/fr\/our_team\/serreh-darboe\/\"> Serreh Darboe <\/a><\/div><div class=\"regency\">directie Yepafrica Gambie<\/div>\t\t<\/div>\t<\/div><\/div><div class=\"member col-xs-6 col-md-2.4\">\t<div class=\"inner\"><div class=\"avatar-wrapper\">\t<div class=\"avatar-inner\"><img loading=\"lazy\" decoding=\"async\" width=\"2032\" height=\"1762\" src=\"https:\/\/www.yepafrica.org\/wp-content\/uploads\/2016\/02\/IMG_3986.jpg\" class=\"attachment-full size-full wp-post-image\" alt=\"\" srcset=\"https:\/\/www.yepafrica.org\/wp-content\/uploads\/2016\/02\/IMG_3986.jpg 2032w, https:\/\/www.yepafrica.org\/wp-content\/uploads\/2016\/02\/IMG_3986-300x260.jpg 300w, https:\/\/www.yepafrica.org\/wp-content\/uploads\/2016\/02\/IMG_3986-768x666.jpg 768w, https:\/\/www.yepafrica.org\/wp-content\/uploads\/2016\/02\/IMG_3986-1024x888.jpg 1024w, https:\/\/www.yepafrica.org\/wp-content\/uploads\/2016\/02\/IMG_3986-600x520.jpg 600w\" sizes=\"auto, (max-width: 2032px) 100vw, 2032px\" \/>\t<\/div><div class=\"social\"><ul><li><a href=\"https:\/\/www.yepafrica.org\/fr\/our_team\/lamin-f-ceesay\/\"><i class=\"fa fa-link\"><\/i><\/a><\/li><\/ul><\/div><\/div> \t\t<div class=\"info\">\t\t\t<div class=\"name\"><a href=\"https:\/\/www.yepafrica.org\/fr\/our_team\/lamin-f-ceesay\/\"> Lamin F. Ceesay <\/a><\/div><div class=\"regency\">directie Yepafrica Gambie<\/div>\t\t<\/div>\t<\/div><\/div><div class=\"member col-xs-6 col-md-2.4\">\t<div class=\"inner\"><div class=\"avatar-wrapper\">\t<div class=\"avatar-inner\"><img loading=\"lazy\" decoding=\"async\" width=\"614\" height=\"1024\" src=\"https:\/\/www.yepafrica.org\/wp-content\/uploads\/2016\/02\/jabou-614x1024.jpg\" class=\"attachment-full size-full wp-post-image\" alt=\"\" srcset=\"https:\/\/www.yepafrica.org\/wp-content\/uploads\/2016\/02\/jabou-614x1024.jpg 614w, https:\/\/www.yepafrica.org\/wp-content\/uploads\/2016\/02\/jabou-614x1024-180x300.jpg 180w, https:\/\/www.yepafrica.org\/wp-content\/uploads\/2016\/02\/jabou-614x1024-600x1001.jpg 600w\" sizes=\"auto, (max-width: 614px) 100vw, 614px\" \/>\t<\/div><div class=\"social\"><ul><li><a href=\"https:\/\/www.yepafrica.org\/fr\/our_team\/jabou-sinyan\/\"><i class=\"fa fa-link\"><\/i><\/a><\/li><\/ul><\/div><\/div> \t\t<div class=\"info\">\t\t\t<div class=\"name\"><a href=\"https:\/\/www.yepafrica.org\/fr\/our_team\/jabou-sinyan\/\"> Jabou Sinyan <\/a><\/div><div class=\"regency\">Membre du conseil d'administration Yepafrica Gambie<\/div>\t\t<\/div>\t<\/div><\/div><div class=\"member col-xs-6 col-md-2.4\">\t<div class=\"inner\"><div class=\"avatar-wrapper\">\t<div class=\"avatar-inner\"><img loading=\"lazy\" decoding=\"async\" width=\"766\" height=\"936\" src=\"https:\/\/www.yepafrica.org\/wp-content\/uploads\/2020\/01\/Fabakary-Kalleh.jpg\" class=\"attachment-full size-full wp-post-image\" alt=\"\" srcset=\"https:\/\/www.yepafrica.org\/wp-content\/uploads\/2020\/01\/Fabakary-Kalleh.jpg 766w, https:\/\/www.yepafrica.org\/wp-content\/uploads\/2020\/01\/Fabakary-Kalleh-246x300.jpg 246w, https:\/\/www.yepafrica.org\/wp-content\/uploads\/2020\/01\/Fabakary-Kalleh-600x733.jpg 600w\" sizes=\"auto, (max-width: 766px) 100vw, 766px\" \/>\t<\/div><div class=\"social\"><ul><li><a href=\"https:\/\/www.yepafrica.org\/fr\/our_team\/fabakary-kalleh\/\"><i class=\"fa fa-link\"><\/i><\/a><\/li><\/ul><\/div><\/div> \t\t<div class=\"info\">\t\t\t<div class=\"name\"><a href=\"https:\/\/www.yepafrica.org\/fr\/our_team\/fabakary-kalleh\/\"> Fabakary Kalleh <\/a><\/div><div class=\"regency\">Membre du conseil d'administration Yepafrica Gambie<\/div>\t\t<\/div>\t<\/div><\/div>\t\t<\/div>\n\t<\/div>\n<\/div><\/div><\/div><div id=\"panel-7622-0-0-5\" class=\"so-panel widget widget_heading\" data-index=\"5\" ><div class=\"thim-widget-heading template-heading\"><div class=\"thim-heading text-center \"><div class=\"sc-heading article_heading \" style=\";\"><h4 class=\"heading__primary wrapper-line-heading\"><span><\/span><span>Ghana<\/span><span><\/span><\/h4><span class=\"line-heading\" ><\/span><\/div><\/div><\/div><\/div><div id=\"panel-7622-0-0-6\" class=\"so-panel widget widget_team\" data-index=\"6\" ><div class=\"panel-widget-style panel-widget-style-for-7622-0-0-6\" ><div class=\"thim-widget-team template-team\">\n\t<div class=\"thim-our-team\">\n\t\t<div class=\"row members\">\n\t\t\t<div class=\"member col-xs-6 col-md-2.4\">\t<div class=\"inner\"><div class=\"avatar-wrapper\">\t<div class=\"avatar-inner\"><img loading=\"lazy\" decoding=\"async\" width=\"500\" height=\"500\" src=\"https:\/\/www.yepafrica.org\/wp-content\/uploads\/2022\/11\/Munnira-Sohail.jpg\" class=\"attachment-full size-full wp-post-image\" alt=\"\" srcset=\"https:\/\/www.yepafrica.org\/wp-content\/uploads\/2022\/11\/Munnira-Sohail.jpg 500w, https:\/\/www.yepafrica.org\/wp-content\/uploads\/2022\/11\/Munnira-Sohail-300x300.jpg 300w, https:\/\/www.yepafrica.org\/wp-content\/uploads\/2022\/11\/Munnira-Sohail-150x150.jpg 150w, https:\/\/www.yepafrica.org\/wp-content\/uploads\/2022\/11\/Munnira-Sohail-320x320.jpg 320w, https:\/\/www.yepafrica.org\/wp-content\/uploads\/2022\/11\/Munnira-Sohail-480x480.jpg 480w, https:\/\/www.yepafrica.org\/wp-content\/uploads\/2022\/11\/Munnira-Sohail-100x100.jpg 100w\" sizes=\"auto, (max-width: 500px) 100vw, 500px\" \/>\t<\/div><div class=\"social\"><ul><li><a href=\"https:\/\/www.yepafrica.org\/fr\/our_team\/munnira-sohail\/\"><i class=\"fa fa-link\"><\/i><\/a><\/li><\/ul><\/div><\/div> \t\t<div class=\"info\">\t\t\t<div class=\"name\"><a href=\"https:\/\/www.yepafrica.org\/fr\/our_team\/munnira-sohail\/\"> Munnira Sohail <\/a><\/div><div class=\"regency\">Directeur et membre du conseil d'administration deYepafrica Ghana<\/div>\t\t<\/div>\t<\/div><\/div><div class=\"member col-xs-6 col-md-2.4\">\t<div class=\"inner\"><div class=\"avatar-wrapper\">\t<div class=\"avatar-inner\"><img loading=\"lazy\" decoding=\"async\" width=\"392\" height=\"392\" src=\"https:\/\/www.yepafrica.org\/wp-content\/uploads\/2025\/02\/Kofi-Eba-Miezah-Polley.png\" class=\"attachment-full size-full wp-post-image\" alt=\"Kofi Eba-Miezah Polley\" srcset=\"https:\/\/www.yepafrica.org\/wp-content\/uploads\/2025\/02\/Kofi-Eba-Miezah-Polley.png 392w, https:\/\/www.yepafrica.org\/wp-content\/uploads\/2025\/02\/Kofi-Eba-Miezah-Polley-300x300.png 300w, https:\/\/www.yepafrica.org\/wp-content\/uploads\/2025\/02\/Kofi-Eba-Miezah-Polley-150x150.png 150w, https:\/\/www.yepafrica.org\/wp-content\/uploads\/2025\/02\/Kofi-Eba-Miezah-Polley-100x100.png 100w\" sizes=\"auto, (max-width: 392px) 100vw, 392px\" \/>\t<\/div><div class=\"social\"><ul><li><a href=\"https:\/\/www.yepafrica.org\/fr\/our_team\/kofi-eba-miezah-polley\/\"><i class=\"fa fa-link\"><\/i><\/a><\/li><\/ul><\/div><\/div> \t\t<div class=\"info\">\t\t\t<div class=\"name\"><a href=\"https:\/\/www.yepafrica.org\/fr\/our_team\/kofi-eba-miezah-polley\/\"> Kofi Eba-Miezah Polley <\/a><\/div><div class=\"regency\">Pr\u00e9sident de Yepafrica Ghana<\/div>\t\t<\/div>\t<\/div><\/div><div class=\"member col-xs-6 col-md-2.4\">\t<div class=\"inner\"><div class=\"avatar-wrapper\">\t<div class=\"avatar-inner\"><img loading=\"lazy\" decoding=\"async\" width=\"687\" height=\"687\" src=\"https:\/\/www.yepafrica.org\/wp-content\/uploads\/2025\/02\/Ayisha-Mohammed.jpg\" class=\"attachment-full size-full wp-post-image\" alt=\"\" srcset=\"https:\/\/www.yepafrica.org\/wp-content\/uploads\/2025\/02\/Ayisha-Mohammed.jpg 687w, https:\/\/www.yepafrica.org\/wp-content\/uploads\/2025\/02\/Ayisha-Mohammed-300x300.jpg 300w, https:\/\/www.yepafrica.org\/wp-content\/uploads\/2025\/02\/Ayisha-Mohammed-150x150.jpg 150w, https:\/\/www.yepafrica.org\/wp-content\/uploads\/2025\/02\/Ayisha-Mohammed-600x600.jpg 600w, https:\/\/www.yepafrica.org\/wp-content\/uploads\/2025\/02\/Ayisha-Mohammed-100x100.jpg 100w\" sizes=\"auto, (max-width: 687px) 100vw, 687px\" \/>\t<\/div><div class=\"social\"><ul><li><a href=\"https:\/\/www.yepafrica.org\/fr\/our_team\/9122\/\"><i class=\"fa fa-link\"><\/i><\/a><\/li><\/ul><\/div><\/div> \t\t<div class=\"info\">\t\t\t<div class=\"name\"><a href=\"https:\/\/www.yepafrica.org\/fr\/our_team\/9122\/\"> Ayisha Mohammed <\/a><\/div><div class=\"regency\">Membre du conseil d\u2019administration de Yepafrica Ghana & Trainer<\/div>\t\t<\/div>\t<\/div><\/div><div class=\"member col-xs-6 col-md-2.4\">\t<div class=\"inner\"><div class=\"avatar-wrapper\">\t<div class=\"avatar-inner\"><img loading=\"lazy\" decoding=\"async\" width=\"557\" height=\"557\" src=\"https:\/\/www.yepafrica.org\/wp-content\/uploads\/2025\/02\/Michael-Acquah.jpg\" class=\"attachment-full size-full wp-post-image\" alt=\"\" srcset=\"https:\/\/www.yepafrica.org\/wp-content\/uploads\/2025\/02\/Michael-Acquah.jpg 557w, https:\/\/www.yepafrica.org\/wp-content\/uploads\/2025\/02\/Michael-Acquah-300x300.jpg 300w, https:\/\/www.yepafrica.org\/wp-content\/uploads\/2025\/02\/Michael-Acquah-150x150.jpg 150w, https:\/\/www.yepafrica.org\/wp-content\/uploads\/2025\/02\/Michael-Acquah-100x100.jpg 100w\" sizes=\"auto, (max-width: 557px) 100vw, 557px\" \/>\t<\/div><div class=\"social\"><ul><li><a href=\"https:\/\/www.yepafrica.org\/fr\/our_team\/michael-acquah\/\"><i class=\"fa fa-link\"><\/i><\/a><\/li><\/ul><\/div><\/div> \t\t<div class=\"info\">\t\t\t<div class=\"name\"><a href=\"https:\/\/www.yepafrica.org\/fr\/our_team\/michael-acquah\/\"> Michael Acquah <\/a><\/div><div class=\"regency\">Responsable de Programme & Trainer<\/div>\t\t<\/div>\t<\/div><\/div>\t\t<\/div>\n\t<\/div>\n<\/div><\/div><\/div><div id=\"panel-7622-0-0-7\" class=\"so-panel widget widget_heading\" data-index=\"7\" ><div class=\"thim-widget-heading template-heading\"><div class=\"thim-heading text-center \"><div class=\"sc-heading article_heading \" style=\";\"><h4 class=\"heading__primary wrapper-line-heading\"><span><\/span><span>S\u00e9n\u00e9gal<\/span><span><\/span><\/h4><span class=\"line-heading\" ><\/span><\/div><\/div><\/div><\/div><div id=\"panel-7622-0-0-8\" class=\"so-panel widget widget_team panel-last-child\" data-index=\"8\" ><div class=\"panel-widget-style panel-widget-style-for-7622-0-0-8\" ><div class=\"thim-widget-team template-team\">\n\t<div class=\"thim-our-team\">\n\t\t<div class=\"row members\">\n\t\t\t<div class=\"member col-xs-6 col-md-2.4\">\t<div class=\"inner\"><div class=\"avatar-wrapper\">\t<div class=\"avatar-inner\"><img loading=\"lazy\" decoding=\"async\" width=\"500\" height=\"500\" src=\"https:\/\/www.yepafrica.org\/wp-content\/uploads\/2021\/07\/charles.jpg\" class=\"attachment-full size-full wp-post-image\" alt=\"\" srcset=\"https:\/\/www.yepafrica.org\/wp-content\/uploads\/2021\/07\/charles.jpg 500w, https:\/\/www.yepafrica.org\/wp-content\/uploads\/2021\/07\/charles-300x300.jpg 300w, https:\/\/www.yepafrica.org\/wp-content\/uploads\/2021\/07\/charles-150x150.jpg 150w, https:\/\/www.yepafrica.org\/wp-content\/uploads\/2021\/07\/charles-100x100.jpg 100w\" sizes=\"auto, (max-width: 500px) 100vw, 500px\" \/>\t<\/div><div class=\"social\"><ul><li><a href=\"https:\/\/www.yepafrica.org\/fr\/our_team\/charles-mangou\/\"><i class=\"fa fa-link\"><\/i><\/a><\/li><\/ul><\/div><\/div> \t\t<div class=\"info\">\t\t\t<div class=\"name\"><a href=\"https:\/\/www.yepafrica.org\/fr\/our_team\/charles-mangou\/\"> Charles Mangou <\/a><\/div><div class=\"regency\">Operational manager Yepafrica Senegal<\/div>\t\t<\/div>\t<\/div><\/div><div class=\"member col-xs-6 col-md-2.4\">\t<div class=\"inner\"><div class=\"avatar-wrapper\">\t<div class=\"avatar-inner\"><img loading=\"lazy\" decoding=\"async\" width=\"500\" height=\"500\" src=\"https:\/\/www.yepafrica.org\/wp-content\/uploads\/2022\/11\/Bechir-Moussa-Diedhiou.jpg\" class=\"attachment-full size-full wp-post-image\" alt=\"\" srcset=\"https:\/\/www.yepafrica.org\/wp-content\/uploads\/2022\/11\/Bechir-Moussa-Diedhiou.jpg 500w, https:\/\/www.yepafrica.org\/wp-content\/uploads\/2022\/11\/Bechir-Moussa-Diedhiou-300x300.jpg 300w, https:\/\/www.yepafrica.org\/wp-content\/uploads\/2022\/11\/Bechir-Moussa-Diedhiou-150x150.jpg 150w, https:\/\/www.yepafrica.org\/wp-content\/uploads\/2022\/11\/Bechir-Moussa-Diedhiou-320x320.jpg 320w, https:\/\/www.yepafrica.org\/wp-content\/uploads\/2022\/11\/Bechir-Moussa-Diedhiou-480x480.jpg 480w, https:\/\/www.yepafrica.org\/wp-content\/uploads\/2022\/11\/Bechir-Moussa-Diedhiou-100x100.jpg 100w\" sizes=\"auto, (max-width: 500px) 100vw, 500px\" \/>\t<\/div><div class=\"social\"><ul><li><a href=\"https:\/\/www.yepafrica.org\/fr\/our_team\/bechir-moussa-diedhiou\/\"><i class=\"fa fa-link\"><\/i><\/a><\/li><\/ul><\/div><\/div> \t\t<div class=\"info\">\t\t\t<div class=\"name\"><a href=\"https:\/\/www.yepafrica.org\/fr\/our_team\/bechir-moussa-diedhiou\/\"> Bechir Moussa Diedhiou <\/a><\/div><div class=\"regency\">Trainer en Finance Yepafrica Senegal<\/div>\t\t<\/div>\t<\/div><\/div><div class=\"member col-xs-6 col-md-2.4\">\t<div class=\"inner\"><div class=\"avatar-wrapper\">\t<div class=\"avatar-inner\"><img loading=\"lazy\" decoding=\"async\" width=\"768\" height=\"1024\" src=\"https:\/\/www.yepafrica.org\/wp-content\/uploads\/2023\/10\/Ababacar_Senegal.jpeg\" class=\"attachment-full size-full wp-post-image\" alt=\"\" srcset=\"https:\/\/www.yepafrica.org\/wp-content\/uploads\/2023\/10\/Ababacar_Senegal.jpeg 768w, https:\/\/www.yepafrica.org\/wp-content\/uploads\/2023\/10\/Ababacar_Senegal-225x300.jpeg 225w, https:\/\/www.yepafrica.org\/wp-content\/uploads\/2023\/10\/Ababacar_Senegal-600x800.jpeg 600w\" sizes=\"auto, (max-width: 768px) 100vw, 768px\" \/>\t<\/div><div class=\"social\"><ul><li><a href=\"https:\/\/www.yepafrica.org\/fr\/our_team\/ababacar-bernard-diatta\/\"><i class=\"fa fa-link\"><\/i><\/a><\/li><\/ul><\/div><\/div> \t\t<div class=\"info\">\t\t\t<div class=\"name\"><a href=\"https:\/\/www.yepafrica.org\/fr\/our_team\/ababacar-bernard-diatta\/\"> Ababacar Bernard Diatta <\/a><\/div><div class=\"regency\">Chairman Yepafrica Senegal Board<\/div>\t\t<\/div>\t<\/div><\/div><div class=\"member col-xs-6 col-md-2.4\">\t<div class=\"inner\"><div class=\"avatar-wrapper\">\t<div class=\"avatar-inner\"><img loading=\"lazy\" decoding=\"async\" width=\"768\" height=\"1024\" src=\"https:\/\/www.yepafrica.org\/wp-content\/uploads\/2023\/10\/MarieLouise_Senegal.jpeg\" class=\"attachment-full size-full wp-post-image\" alt=\"\" srcset=\"https:\/\/www.yepafrica.org\/wp-content\/uploads\/2023\/10\/MarieLouise_Senegal.jpeg 768w, https:\/\/www.yepafrica.org\/wp-content\/uploads\/2023\/10\/MarieLouise_Senegal-225x300.jpeg 225w, https:\/\/www.yepafrica.org\/wp-content\/uploads\/2023\/10\/MarieLouise_Senegal-600x800.jpeg 600w\" sizes=\"auto, (max-width: 768px) 100vw, 768px\" \/>\t<\/div><div class=\"social\"><ul><li><a href=\"https:\/\/www.yepafrica.org\/fr\/our_team\/marie-louise-diatta\/\"><i class=\"fa fa-link\"><\/i><\/a><\/li><\/ul><\/div><\/div> \t\t<div class=\"info\">\t\t\t<div class=\"name\"><a href=\"https:\/\/www.yepafrica.org\/fr\/our_team\/marie-louise-diatta\/\"> Marie Louise Diatta <\/a><\/div><div class=\"regency\">Board Member<\/div>\t\t<\/div>\t<\/div><\/div><div class=\"member col-xs-6 col-md-2.4\">\t<div class=\"inner\"><div class=\"avatar-wrapper\">\t<div class=\"avatar-inner\"><img loading=\"lazy\" decoding=\"async\" width=\"768\" height=\"1024\" src=\"https:\/\/www.yepafrica.org\/wp-content\/uploads\/2023\/10\/Ousmane_Senegal.jpeg\" class=\"attachment-full size-full wp-post-image\" alt=\"\" srcset=\"https:\/\/www.yepafrica.org\/wp-content\/uploads\/2023\/10\/Ousmane_Senegal.jpeg 768w, https:\/\/www.yepafrica.org\/wp-content\/uploads\/2023\/10\/Ousmane_Senegal-225x300.jpeg 225w, https:\/\/www.yepafrica.org\/wp-content\/uploads\/2023\/10\/Ousmane_Senegal-600x800.jpeg 600w\" sizes=\"auto, (max-width: 768px) 100vw, 768px\" \/>\t<\/div><div class=\"social\"><ul><li><a href=\"https:\/\/www.yepafrica.org\/fr\/our_team\/ousmane-mangane\/\"><i class=\"fa fa-link\"><\/i><\/a><\/li><\/ul><\/div><\/div> \t\t<div class=\"info\">\t\t\t<div class=\"name\"><a href=\"https:\/\/www.yepafrica.org\/fr\/our_team\/ousmane-mangane\/\"> Ousmane Mangane <\/a><\/div><div class=\"regency\">Board Member<\/div>\t\t<\/div>\t<\/div><\/div>\t\t<\/div>\n\t<\/div>\n<\/div><\/div><\/div><\/div><\/div><\/div>","protected":false},"excerpt":{"rendered":"<p>Pr\u00e9sentation de notre \u00e9quipeApprenez-en plus sur les personnes qui font YepafricaPays-Bas Paul Engelsman Fondateur &#038; Pr\u00e9sident Georgy Evers Membre du conseil d&rsquo;administration de Yep Foundation Pays-Bas Eugenie Hofwijks Secretary of the Board Martin La Croix Board Member &#038; Treasurer Sabine Kokee Bestuurslid &#038; Landenco\u00f6rdinator Gambia Malika Ouacha Ambassador Gambie Serreh [&hellip;]<\/p>\n","protected":false},"author":1,"featured_media":0,"parent":0,"menu_order":0,"comment_status":"closed","ping_status":"closed","template":"","meta":{"footnotes":""},"class_list":["post-7622","page","type-page","status-publish","hentry"],"yoast_head":"<!-- This site is optimized with the Yoast SEO plugin v27.1.1 - https:\/\/yoast.com\/product\/yoast-seo-wordpress\/ -->\n<title>Notr\u00e9 \u00e9quipe - Yep Africa<\/title>\n<meta name=\"robots\" content=\"index, follow, max-snippet:-1, max-image-preview:large, max-video-preview:-1\" \/>\n<link rel=\"canonical\" href=\"https:\/\/www.yepafrica.org\/fr\/our-team\/\" \/>\n<meta property=\"og:locale\" content=\"fr_FR\" \/>\n<meta property=\"og:type\" content=\"article\" \/>\n<meta property=\"og:title\" content=\"Notr\u00e9 \u00e9quipe - Yep Africa\" \/>\n<meta property=\"og:description\" content=\"Pr\u00e9sentation de notre \u00e9quipeApprenez-en plus sur les personnes qui font YepafricaPays-Bas Paul Engelsman Fondateur &amp; Pr\u00e9sident Georgy Evers Membre du conseil d&#039;administration de Yep Foundation Pays-Bas Eugenie Hofwijks Secretary of the Board Martin La Croix Board Member &amp; Treasurer Sabine Kokee Bestuurslid &amp; Landenco\u00f6rdinator Gambia Malika Ouacha Ambassador Gambie Serreh [&hellip;]\" \/>\n<meta property=\"og:url\" content=\"https:\/\/www.yepafrica.org\/fr\/our-team\/\" \/>\n<meta property=\"og:site_name\" content=\"Yep Africa\" \/>\n<meta property=\"article:modified_time\" content=\"2022-11-15T16:35:25+00:00\" \/>\n<meta name=\"twitter:card\" content=\"summary_large_image\" \/>\n<meta name=\"twitter:label1\" content=\"Dur\u00e9e de lecture estim\u00e9e\" \/>\n\t<meta name=\"twitter:data1\" content=\"1 minute\" \/>\n<script type=\"application\/ld+json\" class=\"yoast-schema-graph\">{\"@context\":\"https:\/\/schema.org\",\"@graph\":[{\"@type\":\"WebPage\",\"@id\":\"https:\/\/www.yepafrica.org\/fr\/our-team\/\",\"url\":\"https:\/\/www.yepafrica.org\/fr\/our-team\/\",\"name\":\"Notr\u00e9 \u00e9quipe - Yep Africa\",\"isPartOf\":{\"@id\":\"https:\/\/www.yepafrica.org\/#website\"},\"datePublished\":\"2016-02-03T07:48:23+00:00\",\"dateModified\":\"2022-11-15T16:35:25+00:00\",\"breadcrumb\":{\"@id\":\"https:\/\/www.yepafrica.org\/fr\/our-team\/#breadcrumb\"},\"inLanguage\":\"fr-FR\",\"potentialAction\":[{\"@type\":\"ReadAction\",\"target\":[\"https:\/\/www.yepafrica.org\/fr\/our-team\/\"]}]},{\"@type\":\"BreadcrumbList\",\"@id\":\"https:\/\/www.yepafrica.org\/fr\/our-team\/#breadcrumb\",\"itemListElement\":[{\"@type\":\"ListItem\",\"position\":1,\"name\":\"Home\",\"item\":\"https:\/\/www.yepafrica.org\/fr\/\"},{\"@type\":\"ListItem\",\"position\":2,\"name\":\"Notr\u00e9 \u00e9quipe\"}]},{\"@type\":\"WebSite\",\"@id\":\"https:\/\/www.yepafrica.org\/#website\",\"url\":\"https:\/\/www.yepafrica.org\/\",\"name\":\"Yep Africa\",\"description\":\"We empower to be the change\",\"potentialAction\":[{\"@type\":\"SearchAction\",\"target\":{\"@type\":\"EntryPoint\",\"urlTemplate\":\"https:\/\/www.yepafrica.org\/?s={search_term_string}\"},\"query-input\":{\"@type\":\"PropertyValueSpecification\",\"valueRequired\":true,\"valueName\":\"search_term_string\"}}],\"inLanguage\":\"fr-FR\"}]}<\/script>\n<!-- \/ Yoast SEO plugin. -->","yoast_head_json":{"title":"Notr\u00e9 \u00e9quipe - Yep Africa","robots":{"index":"index","follow":"follow","max-snippet":"max-snippet:-1","max-image-preview":"max-image-preview:large","max-video-preview":"max-video-preview:-1"},"canonical":"https:\/\/www.yepafrica.org\/fr\/our-team\/","og_locale":"fr_FR","og_type":"article","og_title":"Notr\u00e9 \u00e9quipe - Yep Africa","og_description":"Pr\u00e9sentation de notre \u00e9quipeApprenez-en plus sur les personnes qui font YepafricaPays-Bas Paul Engelsman Fondateur & Pr\u00e9sident Georgy Evers Membre du conseil d'administration de Yep Foundation Pays-Bas Eugenie Hofwijks Secretary of the Board Martin La Croix Board Member & Treasurer Sabine Kokee Bestuurslid & Landenco\u00f6rdinator Gambia Malika Ouacha Ambassador Gambie Serreh [&hellip;]","og_url":"https:\/\/www.yepafrica.org\/fr\/our-team\/","og_site_name":"Yep Africa","article_modified_time":"2022-11-15T16:35:25+00:00","twitter_card":"summary_large_image","twitter_misc":{"Dur\u00e9e de lecture estim\u00e9e":"1 minute"},"schema":{"@context":"https:\/\/schema.org","@graph":[{"@type":"WebPage","@id":"https:\/\/www.yepafrica.org\/fr\/our-team\/","url":"https:\/\/www.yepafrica.org\/fr\/our-team\/","name":"Notr\u00e9 \u00e9quipe - Yep Africa","isPartOf":{"@id":"https:\/\/www.yepafrica.org\/#website"},"datePublished":"2016-02-03T07:48:23+00:00","dateModified":"2022-11-15T16:35:25+00:00","breadcrumb":{"@id":"https:\/\/www.yepafrica.org\/fr\/our-team\/#breadcrumb"},"inLanguage":"fr-FR","potentialAction":[{"@type":"ReadAction","target":["https:\/\/www.yepafrica.org\/fr\/our-team\/"]}]},{"@type":"BreadcrumbList","@id":"https:\/\/www.yepafrica.org\/fr\/our-team\/#breadcrumb","itemListElement":[{"@type":"ListItem","position":1,"name":"Home","item":"https:\/\/www.yepafrica.org\/fr\/"},{"@type":"ListItem","position":2,"name":"Notr\u00e9 \u00e9quipe"}]},{"@type":"WebSite","@id":"https:\/\/www.yepafrica.org\/#website","url":"https:\/\/www.yepafrica.org\/","name":"Yep Africa","description":"We empower to be the change","potentialAction":[{"@type":"SearchAction","target":{"@type":"EntryPoint","urlTemplate":"https:\/\/www.yepafrica.org\/?s={search_term_string}"},"query-input":{"@type":"PropertyValueSpecification","valueRequired":true,"valueName":"search_term_string"}}],"inLanguage":"fr-FR"}]}},"_links":{"self":[{"href":"https:\/\/www.yepafrica.org\/fr\/wp-json\/wp\/v2\/pages\/7622","targetHints":{"allow":["GET"]}}],"collection":[{"href":"https:\/\/www.yepafrica.org\/fr\/wp-json\/wp\/v2\/pages"}],"about":[{"href":"https:\/\/www.yepafrica.org\/fr\/wp-json\/wp\/v2\/types\/page"}],"author":[{"embeddable":true,"href":"https:\/\/www.yepafrica.org\/fr\/wp-json\/wp\/v2\/users\/1"}],"replies":[{"embeddable":true,"href":"https:\/\/www.yepafrica.org\/fr\/wp-json\/wp\/v2\/comments?post=7622"}],"version-history":[{"count":10,"href":"https:\/\/www.yepafrica.org\/fr\/wp-json\/wp\/v2\/pages\/7622\/revisions"}],"predecessor-version":[{"id":8662,"href":"https:\/\/www.yepafrica.org\/fr\/wp-json\/wp\/v2\/pages\/7622\/revisions\/8662"}],"wp:attachment":[{"href":"https:\/\/www.yepafrica.org\/fr\/wp-json\/wp\/v2\/media?parent=7622"}],"curies":[{"name":"wp","href":"https:\/\/api.w.org\/{rel}","templated":true}]}}