{"id":7844,"date":"2019-10-27T13:32:19","date_gmt":"2019-10-27T13:32:19","guid":{"rendered":"https:\/\/www.yepafrica.org\/malang-saidy\/"},"modified":"2020-02-27T10:45:20","modified_gmt":"2020-02-27T10:45:20","slug":"malang-saidy","status":"publish","type":"page","link":"https:\/\/www.yepafrica.org\/fr\/malang-saidy\/","title":{"rendered":"MALANG SAIDY"},"content":{"rendered":"<div id=\"pl-7844\"  class=\"panel-layout\" ><div id=\"pg-7844-0\"  class=\"panel-grid panel-no-style\" ><div id=\"pgc-7844-0-0\"  class=\"panel-grid-cell\" ><div id=\"panel-7844-0-0-0\" class=\"so-panel widget widget_sow-editor panel-first-child panel-last-child\" data-index=\"0\" ><div\n\t\t\t\n\t\t\tclass=\"so-widget-sow-editor so-widget-sow-editor-base\"\n\t\t\t\n\t\t>\n<div class=\"siteorigin-widget-tinymce textwidget\">\n\t<p><span style=\"color: #c9002f; font-size: 24px;\">Malang Saidy<\/span><\/p>\n<p>Malang est un jeune homme dynamique n\u00e9 en 1990 dans le village de Bafuloto (district de Kombo Central). Mari\u00e9, il a tr\u00e8s jeune souhait\u00e9 r\u00e9ussir en tant qu'entrepreneur en cr\u00e9ant un syst\u00e8me culturel d'\u00e9cotourisme durable \u00e0 Bafuloto.<\/p>\n<p>Son r\u00eave est devenu r\u00e9alit\u00e9 en 2015, lorsqu'il a lanc\u00e9 son entreprise actuelle, sp\u00e9cialis\u00e9e dans les domaines suivants\u00a0:<\/p>\n<p>\u00c9cotourisme<\/p>\n<p>Bar\/Restaurant<\/p>\n<p>Descentes en cano\u00eb pour les visiteurs<\/p>\n<p>Mus\u00e9e des cultures et traditions<\/p>\n<p>Observation ornithologique<\/p>\n<p>&nbsp;<\/p>\n<p>Sa motivation lui vient d'une exp\u00e9rience de b\u00e9n\u00e9volat dans une entreprise, o\u00f9 l'id\u00e9e avait germ\u00e9 qu'il serait formidable de monter un syst\u00e8me d'\u00e9cotourisme en Gambie. Le secret de la r\u00e9ussite de son entreprise vient des connaissances de base en entrepreneuriat acquises avec Yepafrica, et des cours \u00ab\u00a0Fondamentaux du marketing\u00a0\u00bb et \u00ab\u00a0D\u00e9veloppement d'un business plan\u00a0\u00bb suivis respectivement en 2016 et 2017. Sinon, Malang estime que les principaux facteurs expliquant sa r\u00e9ussite sur la dur\u00e9e sont sa r\u00e9sistance face aux obstacles et son adh\u00e9sion \u00e0 une vision claire.\u00a0 \u00ab\u00a0Et surtout, ma passion et la conviction de pouvoir transformer mon r\u00eave en r\u00e9alit\u00e9.\u00a0\u00bb<\/p>\n<p>Toutefois, Malang indique aussi que plusieurs facteurs sont sources de difficult\u00e9s, comme l'absence de r\u00e9seaux internes et externes efficaces, le manque d'\u00e9quipements (cano\u00ebs, pagaies, etc.) et de ressources financi\u00e8res n\u00e9cessaires au d\u00e9veloppement de l'activit\u00e9. Malang\u00a0: \u00ab\u00a0Lors de ma formation sur l'\u00e9mancipation avec Yepafrica, j'ai appris \u00e0 ne pas baisser les bras\u00a0! Voil\u00e0 pourquoi je travaille sur des strat\u00e9gies me permettant de surmonter les difficult\u00e9s que je rencontre.\u00a0\u00bb<\/p>\n<p>\u00ab\u00a0\u00c0 l'\u00e9poque, j'avais d\u00e9cid\u00e9 de relever un d\u00e9fi, et c'est la raison pour laquelle j'en suis l\u00e0 aujourd'hui.\u00a0\u00bb<\/p>\n<\/div>\n<\/div><\/div><\/div><div id=\"pgc-7844-0-1\"  class=\"panel-grid-cell\" ><div id=\"panel-7844-0-1-0\" class=\"so-panel widget widget_sow-image panel-first-child panel-last-child\" data-index=\"1\" ><div\n\t\t\t\n\t\t\tclass=\"so-widget-sow-image so-widget-sow-image-default-8b5b6f678277-7844\"\n\t\t\t\n\t\t>\n<div class=\"sow-image-container\">\n\t\t<img \n\tsrc=\"https:\/\/www.yepafrica.org\/wp-content\/uploads\/2019\/10\/malang.png\" width=\"608\" height=\"672\" srcset=\"https:\/\/www.yepafrica.org\/wp-content\/uploads\/2019\/10\/malang.png 608w, https:\/\/www.yepafrica.org\/wp-content\/uploads\/2019\/10\/malang-271x300.png 271w, https:\/\/www.yepafrica.org\/wp-content\/uploads\/2019\/10\/malang-600x663.png 600w\" sizes=\"(max-width: 608px) 100vw, 608px\" alt=\"\" \t\tclass=\"so-widget-image\"\/>\n\t<\/div>\n\n<\/div><\/div><\/div><\/div><\/div>","protected":false},"excerpt":{"rendered":"<p>Omar Sanneh, a 28 years old single man living in Banjul, is the proprietor of Ever Fresh Vegetables Garden. <\/p>\n","protected":false},"author":1,"featured_media":7845,"parent":0,"menu_order":0,"comment_status":"closed","ping_status":"closed","template":"","meta":{"footnotes":""},"class_list":["post-7844","page","type-page","status-publish","has-post-thumbnail","hentry"],"yoast_head":"<!-- This site is optimized with the Yoast SEO plugin v27.1.1 - https:\/\/yoast.com\/product\/yoast-seo-wordpress\/ -->\n<title>MALANG SAIDY - Yep Africa<\/title>\n<meta name=\"robots\" content=\"index, follow, max-snippet:-1, max-image-preview:large, max-video-preview:-1\" \/>\n<link rel=\"canonical\" href=\"https:\/\/www.yepafrica.org\/fr\/malang-saidy\/\" \/>\n<meta property=\"og:locale\" content=\"fr_FR\" \/>\n<meta property=\"og:type\" content=\"article\" \/>\n<meta property=\"og:title\" content=\"MALANG SAIDY - Yep Africa\" \/>\n<meta property=\"og:description\" content=\"Omar Sanneh, a 28 years old single man living in Banjul, is the proprietor of Ever Fresh Vegetables Garden.\" \/>\n<meta property=\"og:url\" content=\"https:\/\/www.yepafrica.org\/fr\/malang-saidy\/\" \/>\n<meta property=\"og:site_name\" content=\"Yep Africa\" \/>\n<meta property=\"article:modified_time\" content=\"2020-02-27T10:45:20+00:00\" \/>\n<meta property=\"og:image\" content=\"https:\/\/www.yepafrica.org\/wp-content\/uploads\/2019\/10\/malang.png\" \/>\n\t<meta property=\"og:image:width\" content=\"608\" \/>\n\t<meta property=\"og:image:height\" content=\"672\" \/>\n\t<meta property=\"og:image:type\" content=\"image\/png\" \/>\n<meta name=\"twitter:card\" content=\"summary_large_image\" \/>\n<meta name=\"twitter:label1\" content=\"Dur\u00e9e de lecture estim\u00e9e\" \/>\n\t<meta name=\"twitter:data1\" content=\"1 minute\" \/>\n<script type=\"application\/ld+json\" class=\"yoast-schema-graph\">{\"@context\":\"https:\/\/schema.org\",\"@graph\":[{\"@type\":\"WebPage\",\"@id\":\"https:\/\/www.yepafrica.org\/fr\/malang-saidy\/\",\"url\":\"https:\/\/www.yepafrica.org\/fr\/malang-saidy\/\",\"name\":\"MALANG SAIDY - Yep Africa\",\"isPartOf\":{\"@id\":\"https:\/\/www.yepafrica.org\/#website\"},\"primaryImageOfPage\":{\"@id\":\"https:\/\/www.yepafrica.org\/fr\/malang-saidy\/#primaryimage\"},\"image\":{\"@id\":\"https:\/\/www.yepafrica.org\/fr\/malang-saidy\/#primaryimage\"},\"thumbnailUrl\":\"https:\/\/www.yepafrica.org\/wp-content\/uploads\/2019\/10\/malang.png\",\"datePublished\":\"2019-10-27T13:32:19+00:00\",\"dateModified\":\"2020-02-27T10:45:20+00:00\",\"breadcrumb\":{\"@id\":\"https:\/\/www.yepafrica.org\/fr\/malang-saidy\/#breadcrumb\"},\"inLanguage\":\"fr-FR\",\"potentialAction\":[{\"@type\":\"ReadAction\",\"target\":[\"https:\/\/www.yepafrica.org\/fr\/malang-saidy\/\"]}]},{\"@type\":\"ImageObject\",\"inLanguage\":\"fr-FR\",\"@id\":\"https:\/\/www.yepafrica.org\/fr\/malang-saidy\/#primaryimage\",\"url\":\"https:\/\/www.yepafrica.org\/wp-content\/uploads\/2019\/10\/malang.png\",\"contentUrl\":\"https:\/\/www.yepafrica.org\/wp-content\/uploads\/2019\/10\/malang.png\",\"width\":608,\"height\":672},{\"@type\":\"BreadcrumbList\",\"@id\":\"https:\/\/www.yepafrica.org\/fr\/malang-saidy\/#breadcrumb\",\"itemListElement\":[{\"@type\":\"ListItem\",\"position\":1,\"name\":\"Home\",\"item\":\"https:\/\/www.yepafrica.org\/fr\/\"},{\"@type\":\"ListItem\",\"position\":2,\"name\":\"MALANG SAIDY\"}]},{\"@type\":\"WebSite\",\"@id\":\"https:\/\/www.yepafrica.org\/#website\",\"url\":\"https:\/\/www.yepafrica.org\/\",\"name\":\"Yep Africa\",\"description\":\"We empower to be the change\",\"potentialAction\":[{\"@type\":\"SearchAction\",\"target\":{\"@type\":\"EntryPoint\",\"urlTemplate\":\"https:\/\/www.yepafrica.org\/?s={search_term_string}\"},\"query-input\":{\"@type\":\"PropertyValueSpecification\",\"valueRequired\":true,\"valueName\":\"search_term_string\"}}],\"inLanguage\":\"fr-FR\"}]}<\/script>\n<!-- \/ Yoast SEO plugin. -->","yoast_head_json":{"title":"MALANG SAIDY - Yep Africa","robots":{"index":"index","follow":"follow","max-snippet":"max-snippet:-1","max-image-preview":"max-image-preview:large","max-video-preview":"max-video-preview:-1"},"canonical":"https:\/\/www.yepafrica.org\/fr\/malang-saidy\/","og_locale":"fr_FR","og_type":"article","og_title":"MALANG SAIDY - Yep Africa","og_description":"Omar Sanneh, a 28 years old single man living in Banjul, is the proprietor of Ever Fresh Vegetables Garden.","og_url":"https:\/\/www.yepafrica.org\/fr\/malang-saidy\/","og_site_name":"Yep Africa","article_modified_time":"2020-02-27T10:45:20+00:00","og_image":[{"width":608,"height":672,"url":"https:\/\/www.yepafrica.org\/wp-content\/uploads\/2019\/10\/malang.png","type":"image\/png"}],"twitter_card":"summary_large_image","twitter_misc":{"Dur\u00e9e de lecture estim\u00e9e":"1 minute"},"schema":{"@context":"https:\/\/schema.org","@graph":[{"@type":"WebPage","@id":"https:\/\/www.yepafrica.org\/fr\/malang-saidy\/","url":"https:\/\/www.yepafrica.org\/fr\/malang-saidy\/","name":"MALANG SAIDY - Yep Africa","isPartOf":{"@id":"https:\/\/www.yepafrica.org\/#website"},"primaryImageOfPage":{"@id":"https:\/\/www.yepafrica.org\/fr\/malang-saidy\/#primaryimage"},"image":{"@id":"https:\/\/www.yepafrica.org\/fr\/malang-saidy\/#primaryimage"},"thumbnailUrl":"https:\/\/www.yepafrica.org\/wp-content\/uploads\/2019\/10\/malang.png","datePublished":"2019-10-27T13:32:19+00:00","dateModified":"2020-02-27T10:45:20+00:00","breadcrumb":{"@id":"https:\/\/www.yepafrica.org\/fr\/malang-saidy\/#breadcrumb"},"inLanguage":"fr-FR","potentialAction":[{"@type":"ReadAction","target":["https:\/\/www.yepafrica.org\/fr\/malang-saidy\/"]}]},{"@type":"ImageObject","inLanguage":"fr-FR","@id":"https:\/\/www.yepafrica.org\/fr\/malang-saidy\/#primaryimage","url":"https:\/\/www.yepafrica.org\/wp-content\/uploads\/2019\/10\/malang.png","contentUrl":"https:\/\/www.yepafrica.org\/wp-content\/uploads\/2019\/10\/malang.png","width":608,"height":672},{"@type":"BreadcrumbList","@id":"https:\/\/www.yepafrica.org\/fr\/malang-saidy\/#breadcrumb","itemListElement":[{"@type":"ListItem","position":1,"name":"Home","item":"https:\/\/www.yepafrica.org\/fr\/"},{"@type":"ListItem","position":2,"name":"MALANG SAIDY"}]},{"@type":"WebSite","@id":"https:\/\/www.yepafrica.org\/#website","url":"https:\/\/www.yepafrica.org\/","name":"Yep Africa","description":"We empower to be the change","potentialAction":[{"@type":"SearchAction","target":{"@type":"EntryPoint","urlTemplate":"https:\/\/www.yepafrica.org\/?s={search_term_string}"},"query-input":{"@type":"PropertyValueSpecification","valueRequired":true,"valueName":"search_term_string"}}],"inLanguage":"fr-FR"}]}},"_links":{"self":[{"href":"https:\/\/www.yepafrica.org\/fr\/wp-json\/wp\/v2\/pages\/7844","targetHints":{"allow":["GET"]}}],"collection":[{"href":"https:\/\/www.yepafrica.org\/fr\/wp-json\/wp\/v2\/pages"}],"about":[{"href":"https:\/\/www.yepafrica.org\/fr\/wp-json\/wp\/v2\/types\/page"}],"author":[{"embeddable":true,"href":"https:\/\/www.yepafrica.org\/fr\/wp-json\/wp\/v2\/users\/1"}],"replies":[{"embeddable":true,"href":"https:\/\/www.yepafrica.org\/fr\/wp-json\/wp\/v2\/comments?post=7844"}],"version-history":[{"count":2,"href":"https:\/\/www.yepafrica.org\/fr\/wp-json\/wp\/v2\/pages\/7844\/revisions"}],"predecessor-version":[{"id":7849,"href":"https:\/\/www.yepafrica.org\/fr\/wp-json\/wp\/v2\/pages\/7844\/revisions\/7849"}],"wp:featuredmedia":[{"embeddable":true,"href":"https:\/\/www.yepafrica.org\/fr\/wp-json\/wp\/v2\/media\/7845"}],"wp:attachment":[{"href":"https:\/\/www.yepafrica.org\/fr\/wp-json\/wp\/v2\/media?parent=7844"}],"curies":[{"name":"wp","href":"https:\/\/api.w.org\/{rel}","templated":true}]}}